{"id":2,"date":"2020-01-09T17:02:15","date_gmt":"2020-01-09T17:02:15","guid":{"rendered":"https:\/\/amipaiessantmarcal.org\/?page_id=2"},"modified":"2025-09-14T19:08:01","modified_gmt":"2025-09-14T19:08:01","slug":"sample-page","status":"publish","type":"page","link":"https:\/\/amipaiessantmarcal.org\/index.php\/qui-som\/sample-page\/","title":{"rendered":"Junta directiva"},"content":{"rendered":"\n<p><\/p>\n\n\n\n<p>Per acord de l&#8217;Assemblea de fam\u00edlies associades celebrada el 21 de juny de 2025 la Junta Directiva de l&#8217;AFA de l&#8217;IES Sant Mar\u00e7al ha quedat conformada per les seg\u00fcents persones:<\/p>\n\n\n\n<ul class=\"wp-block-list\">\n<li>President: Yanina Soracco Buonano.<\/li>\n\n\n\n<li>Vicepresidenta: Toni Fullana Coll.<\/li>\n\n\n\n<li>Secretaria: Magdalena Moreno Frontera.<\/li>\n\n\n\n<li>Tresorera: Laura Lleonart.<\/li>\n\n\n\n<li>Vocals: Adela Bordoy Comas, Magdalena Tom\u00e1s Nadal, Silvia Exp\u00f3sito Garc\u00eda, Ester Jasso Torrens, Paula Torbado Oliver, Irma Celorio Cresp\u00ed, Maria Ant\u00f2nia Serra, Alba Salvador Llopis, Zoraida Pacheco Becerril, Isabel Santos Garc\u00eda, Marga Caimari Sabater, Maria Jos\u00e9 Mora Riera, Luc\u00eda Gonz\u00e1lez Cosano i Joan Andreu Juan Torrens.<\/li>\n<\/ul>\n\n\n\n<p>La Junta directiva es reuneix de manera presencial un divendres de cada mes, a les 17:30 h, pr\u00e8via convocat\u00f2ria de la presid\u00e8ncia. <\/p>\n\n\n\n<p>Tots els socis podran assistir a les reunions de la junta, encara que no tindran vot en les possibles  decisions que es prenguin.<\/p>\n\n\n\n<p><\/p>\n\n\n\n<blockquote class=\"wp-block-quote is-layout-flow wp-block-quote-is-layout-flow\">\n<p><\/p>\n<\/blockquote>\n\n\n\n<p>.<\/p>\n\n\n\n<blockquote class=\"wp-block-quote is-layout-flow wp-block-quote-is-layout-flow\">\n<p><\/p>\n<\/blockquote>\n\n\n\n<p><\/p>\n","protected":false},"excerpt":{"rendered":"<p>Per acord de l&#8217;Assemblea de fam\u00edlies associades celebrada el 21 de juny de 2025 la Junta Directiva de l&#8217;AFA de l&#8217;IES Sant Mar\u00e7al ha quedat conformada per les seg\u00fcents persones: La Junta directiva es reuneix de manera presencial un divendres de cada mes, a les 17:30 h, pr\u00e8via convocat\u00f2ria de la presid\u00e8ncia. Tots els socis &hellip; <\/p>\n<p class=\"link-more\"><a href=\"https:\/\/amipaiessantmarcal.org\/index.php\/qui-som\/sample-page\/\" class=\"more-link\">Continuar leyendo<span class=\"screen-reader-text\"> \u00abJunta directiva\u00bb<\/span><\/a><\/p>\n","protected":false},"author":1,"featured_media":0,"parent":71,"menu_order":0,"comment_status":"closed","ping_status":"open","template":"","meta":{"footnotes":""},"class_list":["post-2","page","type-page","status-publish","hentry"],"yoast_head":"<!-- This site is optimized with the Yoast SEO plugin v24.3 - https:\/\/yoast.com\/wordpress\/plugins\/seo\/ -->\n<title>Junta directiva - AFA IES SANT MAR\u00c7AL<\/title>\n<meta name=\"robots\" content=\"index, follow, max-snippet:-1, max-image-preview:large, max-video-preview:-1\" \/>\n<link rel=\"canonical\" href=\"https:\/\/amipaiessantmarcal.org\/index.php\/qui-som\/sample-page\/\" \/>\n<meta property=\"og:locale\" content=\"es_ES\" \/>\n<meta property=\"og:type\" content=\"article\" \/>\n<meta property=\"og:title\" content=\"Junta directiva - AFA IES SANT MAR\u00c7AL\" \/>\n<meta property=\"og:description\" content=\"Per acord de l&#8217;Assemblea de fam\u00edlies associades celebrada el 21 de juny de 2025 la Junta Directiva de l&#8217;AFA de l&#8217;IES Sant Mar\u00e7al ha quedat conformada per les seg\u00fcents persones: La Junta directiva es reuneix de manera presencial un divendres de cada mes, a les 17:30 h, pr\u00e8via convocat\u00f2ria de la presid\u00e8ncia. Tots els socis &hellip; Continuar leyendo &quot;Junta directiva&quot;\" \/>\n<meta property=\"og:url\" content=\"https:\/\/amipaiessantmarcal.org\/index.php\/qui-som\/sample-page\/\" \/>\n<meta property=\"og:site_name\" content=\"AFA IES SANT MAR\u00c7AL\" \/>\n<meta property=\"article:modified_time\" content=\"2025-09-14T19:08:01+00:00\" \/>\n<meta name=\"twitter:card\" content=\"summary_large_image\" \/>\n<meta name=\"twitter:label1\" content=\"Tiempo de lectura\" \/>\n\t<meta name=\"twitter:data1\" content=\"1 minuto\" \/>\n<script type=\"application\/ld+json\" class=\"yoast-schema-graph\">{\"@context\":\"https:\/\/schema.org\",\"@graph\":[{\"@type\":\"WebPage\",\"@id\":\"https:\/\/amipaiessantmarcal.org\/index.php\/qui-som\/sample-page\/\",\"url\":\"https:\/\/amipaiessantmarcal.org\/index.php\/qui-som\/sample-page\/\",\"name\":\"Junta directiva - AFA IES SANT MAR\u00c7AL\",\"isPartOf\":{\"@id\":\"https:\/\/amipaiessantmarcal.org\/#website\"},\"datePublished\":\"2020-01-09T17:02:15+00:00\",\"dateModified\":\"2025-09-14T19:08:01+00:00\",\"breadcrumb\":{\"@id\":\"https:\/\/amipaiessantmarcal.org\/index.php\/qui-som\/sample-page\/#breadcrumb\"},\"inLanguage\":\"es\",\"potentialAction\":[{\"@type\":\"ReadAction\",\"target\":[\"https:\/\/amipaiessantmarcal.org\/index.php\/qui-som\/sample-page\/\"]}]},{\"@type\":\"BreadcrumbList\",\"@id\":\"https:\/\/amipaiessantmarcal.org\/index.php\/qui-som\/sample-page\/#breadcrumb\",\"itemListElement\":[{\"@type\":\"ListItem\",\"position\":1,\"name\":\"Home\",\"item\":\"https:\/\/amipaiessantmarcal.org\/\"},{\"@type\":\"ListItem\",\"position\":2,\"name\":\"Qui som\",\"item\":\"https:\/\/amipaiessantmarcal.org\/index.php\/qui-som\/\"},{\"@type\":\"ListItem\",\"position\":3,\"name\":\"Junta directiva\"}]},{\"@type\":\"WebSite\",\"@id\":\"https:\/\/amipaiessantmarcal.org\/#website\",\"url\":\"https:\/\/amipaiessantmarcal.org\/\",\"name\":\"AFA IES SANT MAR\u00c7AL\",\"description\":\"Associaci\u00f3 de Fam\u00edlies de l&#039;Institut de Sant Mar\u00e7al, Marratxi.\",\"publisher\":{\"@id\":\"https:\/\/amipaiessantmarcal.org\/#organization\"},\"potentialAction\":[{\"@type\":\"SearchAction\",\"target\":{\"@type\":\"EntryPoint\",\"urlTemplate\":\"https:\/\/amipaiessantmarcal.org\/?s={search_term_string}\"},\"query-input\":{\"@type\":\"PropertyValueSpecification\",\"valueRequired\":true,\"valueName\":\"search_term_string\"}}],\"inLanguage\":\"es\"},{\"@type\":\"Organization\",\"@id\":\"https:\/\/amipaiessantmarcal.org\/#organization\",\"name\":\"AFA IES SANT MAR\u00c7AL\",\"url\":\"https:\/\/amipaiessantmarcal.org\/\",\"logo\":{\"@type\":\"ImageObject\",\"inLanguage\":\"es\",\"@id\":\"https:\/\/amipaiessantmarcal.org\/#\/schema\/logo\/image\/\",\"url\":\"https:\/\/amipaiessantmarcal.org\/wp-content\/uploads\/2025\/06\/cropped-Logo-04.jpg\",\"contentUrl\":\"https:\/\/amipaiessantmarcal.org\/wp-content\/uploads\/2025\/06\/cropped-Logo-04.jpg\",\"width\":189,\"height\":250,\"caption\":\"AFA IES SANT MAR\u00c7AL\"},\"image\":{\"@id\":\"https:\/\/amipaiessantmarcal.org\/#\/schema\/logo\/image\/\"}}]}<\/script>\n<!-- \/ Yoast SEO plugin. -->","yoast_head_json":{"title":"Junta directiva - AFA IES SANT MAR\u00c7AL","robots":{"index":"index","follow":"follow","max-snippet":"max-snippet:-1","max-image-preview":"max-image-preview:large","max-video-preview":"max-video-preview:-1"},"canonical":"https:\/\/amipaiessantmarcal.org\/index.php\/qui-som\/sample-page\/","og_locale":"es_ES","og_type":"article","og_title":"Junta directiva - AFA IES SANT MAR\u00c7AL","og_description":"Per acord de l&#8217;Assemblea de fam\u00edlies associades celebrada el 21 de juny de 2025 la Junta Directiva de l&#8217;AFA de l&#8217;IES Sant Mar\u00e7al ha quedat conformada per les seg\u00fcents persones: La Junta directiva es reuneix de manera presencial un divendres de cada mes, a les 17:30 h, pr\u00e8via convocat\u00f2ria de la presid\u00e8ncia. Tots els socis &hellip; Continuar leyendo \"Junta directiva\"","og_url":"https:\/\/amipaiessantmarcal.org\/index.php\/qui-som\/sample-page\/","og_site_name":"AFA IES SANT MAR\u00c7AL","article_modified_time":"2025-09-14T19:08:01+00:00","twitter_card":"summary_large_image","twitter_misc":{"Tiempo de lectura":"1 minuto"},"schema":{"@context":"https:\/\/schema.org","@graph":[{"@type":"WebPage","@id":"https:\/\/amipaiessantmarcal.org\/index.php\/qui-som\/sample-page\/","url":"https:\/\/amipaiessantmarcal.org\/index.php\/qui-som\/sample-page\/","name":"Junta directiva - AFA IES SANT MAR\u00c7AL","isPartOf":{"@id":"https:\/\/amipaiessantmarcal.org\/#website"},"datePublished":"2020-01-09T17:02:15+00:00","dateModified":"2025-09-14T19:08:01+00:00","breadcrumb":{"@id":"https:\/\/amipaiessantmarcal.org\/index.php\/qui-som\/sample-page\/#breadcrumb"},"inLanguage":"es","potentialAction":[{"@type":"ReadAction","target":["https:\/\/amipaiessantmarcal.org\/index.php\/qui-som\/sample-page\/"]}]},{"@type":"BreadcrumbList","@id":"https:\/\/amipaiessantmarcal.org\/index.php\/qui-som\/sample-page\/#breadcrumb","itemListElement":[{"@type":"ListItem","position":1,"name":"Home","item":"https:\/\/amipaiessantmarcal.org\/"},{"@type":"ListItem","position":2,"name":"Qui som","item":"https:\/\/amipaiessantmarcal.org\/index.php\/qui-som\/"},{"@type":"ListItem","position":3,"name":"Junta directiva"}]},{"@type":"WebSite","@id":"https:\/\/amipaiessantmarcal.org\/#website","url":"https:\/\/amipaiessantmarcal.org\/","name":"AFA IES SANT MAR\u00c7AL","description":"Associaci\u00f3 de Fam\u00edlies de l&#039;Institut de Sant Mar\u00e7al, Marratxi.","publisher":{"@id":"https:\/\/amipaiessantmarcal.org\/#organization"},"potentialAction":[{"@type":"SearchAction","target":{"@type":"EntryPoint","urlTemplate":"https:\/\/amipaiessantmarcal.org\/?s={search_term_string}"},"query-input":{"@type":"PropertyValueSpecification","valueRequired":true,"valueName":"search_term_string"}}],"inLanguage":"es"},{"@type":"Organization","@id":"https:\/\/amipaiessantmarcal.org\/#organization","name":"AFA IES SANT MAR\u00c7AL","url":"https:\/\/amipaiessantmarcal.org\/","logo":{"@type":"ImageObject","inLanguage":"es","@id":"https:\/\/amipaiessantmarcal.org\/#\/schema\/logo\/image\/","url":"https:\/\/amipaiessantmarcal.org\/wp-content\/uploads\/2025\/06\/cropped-Logo-04.jpg","contentUrl":"https:\/\/amipaiessantmarcal.org\/wp-content\/uploads\/2025\/06\/cropped-Logo-04.jpg","width":189,"height":250,"caption":"AFA IES SANT MAR\u00c7AL"},"image":{"@id":"https:\/\/amipaiessantmarcal.org\/#\/schema\/logo\/image\/"}}]}},"_links":{"self":[{"href":"https:\/\/amipaiessantmarcal.org\/index.php\/wp-json\/wp\/v2\/pages\/2","targetHints":{"allow":["GET"]}}],"collection":[{"href":"https:\/\/amipaiessantmarcal.org\/index.php\/wp-json\/wp\/v2\/pages"}],"about":[{"href":"https:\/\/amipaiessantmarcal.org\/index.php\/wp-json\/wp\/v2\/types\/page"}],"author":[{"embeddable":true,"href":"https:\/\/amipaiessantmarcal.org\/index.php\/wp-json\/wp\/v2\/users\/1"}],"replies":[{"embeddable":true,"href":"https:\/\/amipaiessantmarcal.org\/index.php\/wp-json\/wp\/v2\/comments?post=2"}],"version-history":[{"count":21,"href":"https:\/\/amipaiessantmarcal.org\/index.php\/wp-json\/wp\/v2\/pages\/2\/revisions"}],"predecessor-version":[{"id":1669,"href":"https:\/\/amipaiessantmarcal.org\/index.php\/wp-json\/wp\/v2\/pages\/2\/revisions\/1669"}],"up":[{"embeddable":true,"href":"https:\/\/amipaiessantmarcal.org\/index.php\/wp-json\/wp\/v2\/pages\/71"}],"wp:attachment":[{"href":"https:\/\/amipaiessantmarcal.org\/index.php\/wp-json\/wp\/v2\/media?parent=2"}],"curies":[{"name":"wp","href":"https:\/\/api.w.org\/{rel}","templated":true}]}}